{"id":707,"date":"2021-02-04T12:37:02","date_gmt":"2021-02-04T11:37:02","guid":{"rendered":"https:\/\/cafesantillascampos.com\/?page_id=707"},"modified":"2022-10-28T10:28:05","modified_gmt":"2022-10-28T08:28:05","slug":"politica-de-privacidad","status":"publish","type":"page","link":"https:\/\/cafesantillascampos.com\/de\/politica-de-privacidad\/","title":{"rendered":"Datenschutzerkl\u00e4rung"},"content":{"rendered":"<div data-elementor-type=\"wp-page\" data-elementor-id=\"707\" class=\"elementor elementor-707\" data-elementor-post-type=\"page\">\n\t\t\t\t\t\t<section class=\"ob-is-breaking-bad elementor-section elementor-top-section elementor-element elementor-element-b57ebe6 elementor-section-height-min-height elementor-section-full_width elementor-section-stretched elementor-section-height-default elementor-section-items-middle\" data-id=\"b57ebe6\" data-element_type=\"section\" data-settings=\"{&quot;jet_parallax_layout_list&quot;:[{&quot;jet_parallax_layout_image&quot;:{&quot;url&quot;:&quot;&quot;,&quot;id&quot;:&quot;&quot;,&quot;size&quot;:&quot;&quot;},&quot;_id&quot;:&quot;891d89f&quot;,&quot;jet_parallax_layout_image_tablet&quot;:{&quot;url&quot;:&quot;&quot;,&quot;id&quot;:&quot;&quot;,&quot;size&quot;:&quot;&quot;},&quot;jet_parallax_layout_image_mobile&quot;:{&quot;url&quot;:&quot;&quot;,&quot;id&quot;:&quot;&quot;,&quot;size&quot;:&quot;&quot;},&quot;jet_parallax_layout_speed&quot;:{&quot;unit&quot;:&quot;%&quot;,&quot;size&quot;:50,&quot;sizes&quot;:[]},&quot;jet_parallax_layout_type&quot;:&quot;scroll&quot;,&quot;jet_parallax_layout_direction&quot;:&quot;1&quot;,&quot;jet_parallax_layout_fx_direction&quot;:null,&quot;jet_parallax_layout_z_index&quot;:&quot;&quot;,&quot;jet_parallax_layout_bg_x&quot;:50,&quot;jet_parallax_layout_bg_x_tablet&quot;:&quot;&quot;,&quot;jet_parallax_layout_bg_x_mobile&quot;:&quot;&quot;,&quot;jet_parallax_layout_bg_y&quot;:50,&quot;jet_parallax_layout_bg_y_tablet&quot;:&quot;&quot;,&quot;jet_parallax_layout_bg_y_mobile&quot;:&quot;&quot;,&quot;jet_parallax_layout_bg_size&quot;:&quot;auto&quot;,&quot;jet_parallax_layout_bg_size_tablet&quot;:&quot;&quot;,&quot;jet_parallax_layout_bg_size_mobile&quot;:&quot;&quot;,&quot;jet_parallax_layout_animation_prop&quot;:&quot;transform&quot;,&quot;jet_parallax_layout_on&quot;:[&quot;desktop&quot;,&quot;tablet&quot;]}],&quot;background_background&quot;:&quot;classic&quot;,&quot;stretch_section&quot;:&quot;section-stretched&quot;,&quot;_ob_bbad_use_it&quot;:&quot;yes&quot;,&quot;_ob_bbad_sssic_use&quot;:&quot;no&quot;,&quot;_ob_glider_is_slider&quot;:&quot;no&quot;}\">\n\t\t\t\t\t\t\t<div class=\"elementor-background-overlay\"><\/div>\n\t\t\t\t\t\t\t<div class=\"elementor-container elementor-column-gap-no\">\n\t\t\t\t\t<div class=\"elementor-column elementor-col-100 elementor-top-column elementor-element elementor-element-27759d8\" data-id=\"27759d8\" data-element_type=\"column\" data-settings=\"{&quot;_ob_bbad_is_stalker&quot;:&quot;no&quot;,&quot;_ob_teleporter_use&quot;:false,&quot;_ob_column_hoveranimator&quot;:&quot;no&quot;,&quot;_ob_column_has_pseudo&quot;:&quot;no&quot;}\">\n\t\t\t<div class=\"elementor-widget-wrap elementor-element-populated\">\n\t\t\t\t\t\t<div class=\"elementor-element elementor-element-6f4353f ob-harakiri-inherit ob-has-background-overlay elementor-widget elementor-widget-heading\" data-id=\"6f4353f\" data-element_type=\"widget\" data-settings=\"{&quot;_ob_use_harakiri&quot;:&quot;yes&quot;,&quot;_ob_harakiri_writing_mode&quot;:&quot;inherit&quot;,&quot;_ob_harakiri_text_clip&quot;:&quot;none&quot;,&quot;_ob_perspektive_use&quot;:&quot;no&quot;,&quot;_ob_poopart_use&quot;:&quot;yes&quot;,&quot;_ob_shadough_use&quot;:&quot;no&quot;,&quot;_ob_allow_hoveranimator&quot;:&quot;no&quot;,&quot;_ob_widget_stalker_use&quot;:&quot;no&quot;}\" data-widget_type=\"heading.default\">\n\t\t\t\t<div class=\"elementor-widget-container\">\n\t\t\t\t\t<h2 class=\"elementor-heading-title elementor-size-default\">Datenschutzerkl\u00e4rung<\/h2>\t\t\t\t<\/div>\n\t\t\t\t<\/div>\n\t\t\t\t\t<\/div>\n\t\t<\/div>\n\t\t\t\t\t<\/div>\n\t\t<\/section>\n\t\t\t\t<section class=\"ob-is-breaking-bad elementor-section elementor-top-section elementor-element elementor-element-71b4884 elementor-section-boxed elementor-section-height-default elementor-section-height-default\" data-id=\"71b4884\" data-element_type=\"section\" data-settings=\"{&quot;jet_parallax_layout_list&quot;:[{&quot;jet_parallax_layout_image&quot;:{&quot;url&quot;:&quot;&quot;,&quot;id&quot;:&quot;&quot;,&quot;size&quot;:&quot;&quot;},&quot;_id&quot;:&quot;c9248e7&quot;,&quot;jet_parallax_layout_image_tablet&quot;:{&quot;url&quot;:&quot;&quot;,&quot;id&quot;:&quot;&quot;,&quot;size&quot;:&quot;&quot;},&quot;jet_parallax_layout_image_mobile&quot;:{&quot;url&quot;:&quot;&quot;,&quot;id&quot;:&quot;&quot;,&quot;size&quot;:&quot;&quot;},&quot;jet_parallax_layout_speed&quot;:{&quot;unit&quot;:&quot;%&quot;,&quot;size&quot;:50,&quot;sizes&quot;:[]},&quot;jet_parallax_layout_type&quot;:&quot;scroll&quot;,&quot;jet_parallax_layout_direction&quot;:&quot;1&quot;,&quot;jet_parallax_layout_fx_direction&quot;:null,&quot;jet_parallax_layout_z_index&quot;:&quot;&quot;,&quot;jet_parallax_layout_bg_x&quot;:50,&quot;jet_parallax_layout_bg_x_tablet&quot;:&quot;&quot;,&quot;jet_parallax_layout_bg_x_mobile&quot;:&quot;&quot;,&quot;jet_parallax_layout_bg_y&quot;:50,&quot;jet_parallax_layout_bg_y_tablet&quot;:&quot;&quot;,&quot;jet_parallax_layout_bg_y_mobile&quot;:&quot;&quot;,&quot;jet_parallax_layout_bg_size&quot;:&quot;auto&quot;,&quot;jet_parallax_layout_bg_size_tablet&quot;:&quot;&quot;,&quot;jet_parallax_layout_bg_size_mobile&quot;:&quot;&quot;,&quot;jet_parallax_layout_animation_prop&quot;:&quot;transform&quot;,&quot;jet_parallax_layout_on&quot;:[&quot;desktop&quot;,&quot;tablet&quot;]}],&quot;_ob_bbad_use_it&quot;:&quot;yes&quot;,&quot;_ob_bbad_sssic_use&quot;:&quot;no&quot;,&quot;_ob_glider_is_slider&quot;:&quot;no&quot;}\">\n\t\t\t\t\t\t<div class=\"elementor-container elementor-column-gap-default\">\n\t\t\t\t\t<div class=\"elementor-column elementor-col-100 elementor-top-column elementor-element elementor-element-7fe4d77\" data-id=\"7fe4d77\" data-element_type=\"column\" data-settings=\"{&quot;_ob_bbad_is_stalker&quot;:&quot;no&quot;,&quot;_ob_teleporter_use&quot;:false,&quot;_ob_column_hoveranimator&quot;:&quot;no&quot;,&quot;_ob_column_has_pseudo&quot;:&quot;no&quot;}\">\n\t\t\t<div class=\"elementor-widget-wrap elementor-element-populated\">\n\t\t\t\t\t\t<div class=\"elementor-element elementor-element-46ac589 ob-harakiri-inherit ob-has-background-overlay elementor-widget elementor-widget-text-editor\" data-id=\"46ac589\" data-element_type=\"widget\" data-settings=\"{&quot;_ob_use_harakiri&quot;:&quot;yes&quot;,&quot;_ob_harakiri_writing_mode&quot;:&quot;inherit&quot;,&quot;_ob_postman_use&quot;:&quot;no&quot;,&quot;_ob_perspektive_use&quot;:&quot;no&quot;,&quot;_ob_poopart_use&quot;:&quot;yes&quot;,&quot;_ob_shadough_use&quot;:&quot;no&quot;,&quot;_ob_allow_hoveranimator&quot;:&quot;no&quot;,&quot;_ob_widget_stalker_use&quot;:&quot;no&quot;}\" data-widget_type=\"text-editor.default\">\n\t\t\t\t<div class=\"elementor-widget-container\">\n\t\t\t\t\t\t\t\t\t<p>Das vorliegende Dokument ist die Datenschutzerkl\u00e4rung gilt f\u00fcr alle personenbezogenen Daten, die Luciano V\u00e1zquez Varela, dies ist \u00fcber Sie. Anschlie\u00dfend werden wir Sie dar\u00fcber informieren, wie wir Ihre Daten verarbeiten:<\/p>\n<p><strong>Luciano V\u00e1zquez Varela<\/strong>&nbsp;(nachfolgend&nbsp;<strong>Caf\u00e9s Las Antillas-Campos<\/strong>), ist die&nbsp;<strong>Verantwortlich f\u00fcr die Behandlung<\/strong>&nbsp;die pers\u00f6nlichen Daten des&nbsp;<strong>Interessiert&nbsp;<\/strong>und informiert Sie, dass diese Daten behandelt werden in \u00fcbereinstimmung mit den Bestimmungen der geltenden Vorschriften in Schutz personenbezogener Daten und insbesondere der Verordnung (EU) 2016\/679 von 27 April 2016 (RGPD), so dass Sie die folgenden Informationen \u00fcber die Behandlung.<\/p>\n<p><strong>Verantwortlich f\u00fcr die Verarbeitung Ihrer Daten<\/strong><\/p>\n<ul>\n<li>IDENTIT\u00c4T: Luciano V\u00e1zquez Varela<\/li>\n<li>NIF: 33.177.288-H<\/li>\n<li>Adresse: Carretera de Vigo, 78 -32001 Ourense<\/li>\n<li>Telefon: 609036787<\/li><li>Kontaktdaten des Datenschutzbeauftragten: Marco Antonio V\u00e1zquez \u00c1lvarez.<\/li>\n<\/ul>\n<p><strong>Ende der Behandlung<\/strong>: die von Ihnen \u00fcbermittelten Daten und deren Genauigkeit, Richtigkeit und G\u00fcltigkeit reagieren Sie, Sie werden behandelt mit den folgenden Zwecke:<\/p>\n<ul>\n<li>Verwaltung, Abrechnung und Kontrolle der agenda f\u00fcr den Termin-Erinnerungen per e-mail, sms und\/oder \u00e4hnliche Dienste (instant messaging).<\/li>\n<li>Auch, wir k\u00f6nnen senden Sie Informationen, die ist hilfreich Unterst\u00fctzung f\u00fcr Ihre zuk\u00fcnftige Referenz an unserem Zentrum.<\/li>\n<li>Dar\u00fcber hinaus, wenn Sie ausdr\u00fccklich Zustimmen, senden wir Ihnen Informationen \u00fcber Produkte und Dienstleistungen von Caf\u00e9s Antillen-Felder, die m\u00f6glicherweise f\u00fcr Sie von Interesse sein.&nbsp;<\/li>\n<li>Dar\u00fcber hinaus k\u00f6nnen Sie auch Werbung erhalten auf Dienstleistungen, die von Dritten angeboten werden; in jedem Fall, die Dienstleistungen beschr\u00e4nkt, nur f\u00fcr die Lebensmittelindustrie.&nbsp;<\/li>\n<li>Dar\u00fcber hinaus informieren wir Sie, dass das Objekt der Versendung der oben genannten Mitteilungen, die wir entwickeln ein &#034;Profil food&#034;, auf der Grundlage der Informationen zur Verf\u00fcgung gestellt durch Sie, und erhielt von Ihr durchsuchen. Genommen werden&nbsp;<strong>automatisierte Entscheidungen<\/strong>&nbsp;das w\u00fcrde es erm\u00f6glichen, die Erstellung von Profilen, um Ihnen gezielte Werbung \u00fcber elektronische Medien.<\/li>\n<\/ul>\n<p><strong>Legitimation f\u00fcr die Verarbeitung der Daten:<\/strong><\/p>\n<p>Wir ben\u00f6tigen Ihre Einwilligung zur Verarbeitung der ein &#034;Profil&#034;, die stattfinden wird auf der Grundlage von automatisierten Verfahren, und zwar unter Ber\u00fccksichtigung der Daten, die Sie uns zur Verf\u00fcgung stellen, sowie seine T\u00e4tigkeit in der navigation.<\/p>\n<p>Sie haben das Recht, jederzeit Ihre Einwilligung jederzeit kostenlos per e-mail info@cafesantillascampos.com., oder \u00fcber die folgende Adresse: Caf\u00e9s Antillen-Felder, Stra\u00dfe, Vigo, 78 \u2013 32001 \u2013 Ourense. Als Folge seiner opposition gegen die Behandlung, wir werden nicht in der Lage, ein Profil in einem automatisierten Weg, um Ihnen kommerzielle Mitteilungen an Ihre E-Mail, basierend auf Ihren Interessen und Bed\u00fcrfnissen. Jedoch in jedem Fall bezeichnet die opposition, Sie k\u00f6nnen die Bedingung, die die Ausf\u00fchrung des Vertrages \u00fcber die Erbringung von Dienstleistungen.<\/p>\n<ul>\n<li>Compliance-Verpflichtungen gelten, Caf\u00e9s Antillen-Felder, die von den gesetzlichen Auftrag. (Einhaltung der festgelegten Verpflichtungen, die in den Vorschriften in den Bereichen Gesundheit, Steuern und Vorschriften \u00fcber den Schutz der pers\u00f6nlichen Daten).<\/li>\n<li>F\u00fcr die berechtigte Interesse f\u00fcr diese Datenverarbeitung kann der Zwecke der internen Verwaltung von Caf\u00e9s Antillen-Felder, oder so, dass wir k\u00f6nnen besser erf\u00fcllen Ihre Erwartungen und zu verbessern, Ihre Zufriedenheit als Kunde (die Teilnahme an Umfragen zur Kundenzufriedenheit).<\/li>\n<\/ul>\n<p><strong>Kriterien der Erhaltung der Daten<\/strong>: im Einklang mit der food standards anwendbar sind, werden Ihre Daten aufbewahrt, mindestens f\u00fcnf Jahre ab dem Datum der jede Pflege Prozess, und wenn Sie nicht mehr f\u00fcr die Zwecke, f\u00fcr die Sie behandelt werden soll gel\u00f6scht werden, mit entsprechenden Sicherheitsma\u00dfnahmen, die sicherstellen, dass Ihre seudonimizaci\u00f3n oder die totale Zerst\u00f6rung der gleiche.<\/p>\n<p><strong>Weitergabe an Dritte: Caf\u00e9s Antillen-Felder<\/strong>&nbsp;verwaltet die Informationen f\u00fcr die Zwecke der internen Verwaltung. In der Folge wird in der Lage sein, um Zugriff auf die anderen Tochtergesellschaften von&nbsp;<strong>Caf\u00e9s Las Antillas-Campos<\/strong>SL, um die ordnungsgem\u00e4\u00dfe Durchf\u00fchrung Ihrer Aufgaben.<\/p>\n<p>Um Zweifel zu vermeiden, bitte beachten Sie, dass Ihre Identifizierung Informationen (Telefon und\/oder e-mail) werden gemeinsam mit Werbe-Netzwerke mit dem Ziel, Kreuz mit den Informationen, die in solche Netzwerke, um zu verstehen, wie Sie die website verwenden,&nbsp;<strong>Caf\u00e9s Las Antillas-Campos<\/strong>, dass ist, an, um zu erfahren, welche Seiten und Informationen Abfragen und somit in der Lage, um personalisierte Informationen zu&nbsp;<strong>Caf\u00e9s Las Antillas-Campos<\/strong>. Diese Daten werden gemeinsam mit einem vollst\u00e4ndig verschl\u00fcsselt.<\/p>\n<p>Schlie\u00dflich informieren wir Sie, dass Ihre Daten m\u00f6glicherweise auch an Dritte weitergegeben werden, vorausgesetzt, es besteht eine rechtliche Verpflichtung, dies zu tun.<\/p>\n<p><strong>International data transfers:<\/strong>&nbsp;f\u00fcr die korrekte Erbringung der Dienst&nbsp;<strong>Caf\u00e9s Las Antillas-Campos<\/strong>&nbsp;es bietet, Sie k\u00f6nnen verlangen, dass andere Drittanbieter-service-Provider&nbsp;<strong>Caf\u00e9s Las Antillas-Campos<\/strong>&nbsp;Zugriff auf die Personenbezogenen Daten der betroffenen person als verantwortlich f\u00fcr die Behandlung. Der Antragsteller versteht, dass einige dieser Anbieter k\u00f6nnen sich in L\u00e4ndern au\u00dferhalb des europ\u00e4ischen Wirtschaftsraums. In diesem Sinne,&nbsp;<strong>Caf\u00e9s Las Antillas-Campos<\/strong>&nbsp;nur Arbeit mit diesen Unternehmen oder eine Ebene der Sicherheit entspricht Englisch oder ausreichende Garantien zur Gew\u00e4hrleistung eines angemessenen Schutzniveaus. In jedem Fall,&nbsp;<strong>Caf\u00e9s Las Antillas-Campos<\/strong>stellt sicher, dass solche internationalen \u00fcbermittlungen gem\u00e4\u00df der Genehmigung des Direktors der spanischen Agentur f\u00fcr Schutz von Daten und\/oder sind abgedeckt durch Klauseln geben, die Einhaltung der entsprechenden Sicherheitsma\u00dfnahmen.<\/p>\n<p><strong>Rechte, die helfen, das Interesse<\/strong>: (A) das Recht auf Widerruf Ihrer Einwilligung ist jederzeit m\u00f6glich. B) Recht auf Zugang, Berichtigung, Portabilit\u00e4t und L\u00f6schung Ihrer Daten sowie die Einschr\u00e4nkung oder Widerspruch zu Ihrer Behandlung. (C) das Recht auf Beschwerde bei der Aufsichtsbeh\u00f6rde (<a href=\"http:\/\/www.agpd.es\/\">www.agpd.es<\/a>) wenn er der Auffassung ist, dass die Behandlung nicht entsprechend den Vorschriften in Kraft.<\/p>\n<p><strong>Daten Kontaktieren, um Ihre Rechte wahrzunehmen:<\/strong><\/p>\n<p><strong>Luciano V\u00e1zquez Varela<\/strong><\/p>\n<p>Stra\u00dfe Vigo, 78 32001 \u2013 Ourense<\/p>\n<p>E-mail: info@cafesantillascampos.com<\/p>\t\t\t\t\t\t\t\t<\/div>\n\t\t\t\t<\/div>\n\t\t\t\t\t<\/div>\n\t\t<\/div>\n\t\t\t\t\t<\/div>\n\t\t<\/section>\n\t\t\t\t<\/div>","protected":false},"excerpt":{"rendered":"<p>Pol\u00edtica de Privacidad El presente documento constituye la Pol\u00edtica de Privacidad que aplica a todos los datos de car\u00e1cter personal que Luciano V\u00e1zquez Varela, trata sobre Usted. A continuaci\u00f3n, le informamos de c\u00f3mo tratamos sus datos: Luciano V\u00e1zquez Varela&nbsp;(en adelante,&nbsp;Caf\u00e9s Las Antillas-Campos), es el&nbsp;Responsable del tratamiento&nbsp;de los datos personales del&nbsp;Interesado&nbsp;y le informa que estos datos [&hellip;]<\/p>","protected":false},"author":1,"featured_media":0,"parent":0,"menu_order":0,"comment_status":"closed","ping_status":"closed","template":"","meta":{"_jet_sm_ready_style":"","_jet_sm_style":"","_jet_sm_controls_values":"","_jet_sm_fonts_collection":"","_jet_sm_fonts_links":"","_joinchat":[],"footnotes":""},"class_list":["post-707","page","type-page","status-publish","hentry"],"yoast_head":"<!-- This site is optimized with the Yoast SEO plugin v26.0 - https:\/\/yoast.com\/wordpress\/plugins\/seo\/ -->\n<title>Pol\u00edtica de Privacidad - Caf\u00e9s Las Antillas Campos<\/title>\n<meta name=\"description\" content=\"Empresa ubicada en Ourense dedicada al tueste, envasado y distribuci\u00f3n de caf\u00e9 para hosteler\u00eda y grandes superficies de alimentaci\u00f3n.\" \/>\n<meta name=\"robots\" content=\"index, follow, max-snippet:-1, max-image-preview:large, max-video-preview:-1\" \/>\n<link rel=\"canonical\" href=\"https:\/\/cafesantillascampos.com\/de\/politica-de-privacidad\/\" \/>\n<meta property=\"og:locale\" content=\"de_DE\" \/>\n<meta property=\"og:type\" content=\"article\" \/>\n<meta property=\"og:title\" content=\"Pol\u00edtica de Privacidad - Caf\u00e9s Las Antillas Campos\" \/>\n<meta property=\"og:description\" content=\"Empresa ubicada en Ourense dedicada al tueste, envasado y distribuci\u00f3n de caf\u00e9 para hosteler\u00eda y grandes superficies de alimentaci\u00f3n.\" \/>\n<meta property=\"og:url\" content=\"https:\/\/cafesantillascampos.com\/de\/politica-de-privacidad\/\" \/>\n<meta property=\"og:site_name\" content=\"Caf\u00e9s Las Antillas Campos\" \/>\n<meta property=\"article:publisher\" content=\"https:\/\/www.facebook.com\/cafesantillas\/\" \/>\n<meta property=\"article:modified_time\" content=\"2022-10-28T08:28:05+00:00\" \/>\n<meta name=\"twitter:card\" content=\"summary_large_image\" \/>\n<meta name=\"twitter:label1\" content=\"Gesch\u00e4tzte Lesezeit\" \/>\n\t<meta name=\"twitter:data1\" content=\"5\u00a0Minuten\" \/>\n<script type=\"application\/ld+json\" class=\"yoast-schema-graph\">{\"@context\":\"https:\/\/schema.org\",\"@graph\":[{\"@type\":\"WebPage\",\"@id\":\"https:\/\/cafesantillascampos.com\/politica-de-privacidad\/\",\"url\":\"https:\/\/cafesantillascampos.com\/politica-de-privacidad\/\",\"name\":\"Pol\u00edtica de Privacidad - Caf\u00e9s Las Antillas Campos\",\"isPartOf\":{\"@id\":\"https:\/\/cafesantillascampos.com\/#website\"},\"datePublished\":\"2021-02-04T11:37:02+00:00\",\"dateModified\":\"2022-10-28T08:28:05+00:00\",\"description\":\"Empresa ubicada en Ourense dedicada al tueste, envasado y distribuci\u00f3n de caf\u00e9 para hosteler\u00eda y grandes superficies de alimentaci\u00f3n.\",\"breadcrumb\":{\"@id\":\"https:\/\/cafesantillascampos.com\/politica-de-privacidad\/#breadcrumb\"},\"inLanguage\":\"de\",\"potentialAction\":[{\"@type\":\"ReadAction\",\"target\":[\"https:\/\/cafesantillascampos.com\/politica-de-privacidad\/\"]}]},{\"@type\":\"BreadcrumbList\",\"@id\":\"https:\/\/cafesantillascampos.com\/politica-de-privacidad\/#breadcrumb\",\"itemListElement\":[{\"@type\":\"ListItem\",\"position\":1,\"name\":\"Portada\",\"item\":\"https:\/\/cafesantillascampos.com\/\"},{\"@type\":\"ListItem\",\"position\":2,\"name\":\"Pol\u00edtica de Privacidad\"}]},{\"@type\":\"WebSite\",\"@id\":\"https:\/\/cafesantillascampos.com\/#website\",\"url\":\"https:\/\/cafesantillascampos.com\/\",\"name\":\"Caf\u00e9s Las Antillas Campos\",\"description\":\"Tostadero de Caf\u00e9 Las Antillas - Campos. Desde 1922.\",\"publisher\":{\"@id\":\"https:\/\/cafesantillascampos.com\/#organization\"},\"potentialAction\":[{\"@type\":\"SearchAction\",\"target\":{\"@type\":\"EntryPoint\",\"urlTemplate\":\"https:\/\/cafesantillascampos.com\/?s={search_term_string}\"},\"query-input\":{\"@type\":\"PropertyValueSpecification\",\"valueRequired\":true,\"valueName\":\"search_term_string\"}}],\"inLanguage\":\"de\"},{\"@type\":\"Organization\",\"@id\":\"https:\/\/cafesantillascampos.com\/#organization\",\"name\":\"Caf\u00e9s Las Antillas - Campos\",\"url\":\"https:\/\/cafesantillascampos.com\/\",\"logo\":{\"@type\":\"ImageObject\",\"inLanguage\":\"de\",\"@id\":\"https:\/\/cafesantillascampos.com\/#\/schema\/logo\/image\/\",\"url\":\"https:\/\/cafesantillascampos.com\/wp-content\/uploads\/2021\/02\/Logotipo_Web_001.png\",\"contentUrl\":\"https:\/\/cafesantillascampos.com\/wp-content\/uploads\/2021\/02\/Logotipo_Web_001.png\",\"width\":1920,\"height\":374,\"caption\":\"Caf\u00e9s Las Antillas - Campos\"},\"image\":{\"@id\":\"https:\/\/cafesantillascampos.com\/#\/schema\/logo\/image\/\"},\"sameAs\":[\"https:\/\/www.facebook.com\/cafesantillas\/\",\"https:\/\/www.instagram.com\/cafes_las_antillas_campos\/\"]}]}<\/script>\n<!-- \/ Yoast SEO plugin. -->","yoast_head_json":{"title":"Pol\u00edtica de Privacidad - Caf\u00e9s Las Antillas Campos","description":"Empresa ubicada en Ourense dedicada al tueste, envasado y distribuci\u00f3n de caf\u00e9 para hosteler\u00eda y grandes superficies de alimentaci\u00f3n.","robots":{"index":"index","follow":"follow","max-snippet":"max-snippet:-1","max-image-preview":"max-image-preview:large","max-video-preview":"max-video-preview:-1"},"canonical":"https:\/\/cafesantillascampos.com\/de\/politica-de-privacidad\/","og_locale":"de_DE","og_type":"article","og_title":"Pol\u00edtica de Privacidad - Caf\u00e9s Las Antillas Campos","og_description":"Empresa ubicada en Ourense dedicada al tueste, envasado y distribuci\u00f3n de caf\u00e9 para hosteler\u00eda y grandes superficies de alimentaci\u00f3n.","og_url":"https:\/\/cafesantillascampos.com\/de\/politica-de-privacidad\/","og_site_name":"Caf\u00e9s Las Antillas Campos","article_publisher":"https:\/\/www.facebook.com\/cafesantillas\/","article_modified_time":"2022-10-28T08:28:05+00:00","twitter_card":"summary_large_image","twitter_misc":{"Gesch\u00e4tzte Lesezeit":"5\u00a0Minuten"},"schema":{"@context":"https:\/\/schema.org","@graph":[{"@type":"WebPage","@id":"https:\/\/cafesantillascampos.com\/politica-de-privacidad\/","url":"https:\/\/cafesantillascampos.com\/politica-de-privacidad\/","name":"Pol\u00edtica de Privacidad - Caf\u00e9s Las Antillas Campos","isPartOf":{"@id":"https:\/\/cafesantillascampos.com\/#website"},"datePublished":"2021-02-04T11:37:02+00:00","dateModified":"2022-10-28T08:28:05+00:00","description":"Empresa ubicada en Ourense dedicada al tueste, envasado y distribuci\u00f3n de caf\u00e9 para hosteler\u00eda y grandes superficies de alimentaci\u00f3n.","breadcrumb":{"@id":"https:\/\/cafesantillascampos.com\/politica-de-privacidad\/#breadcrumb"},"inLanguage":"de","potentialAction":[{"@type":"ReadAction","target":["https:\/\/cafesantillascampos.com\/politica-de-privacidad\/"]}]},{"@type":"BreadcrumbList","@id":"https:\/\/cafesantillascampos.com\/politica-de-privacidad\/#breadcrumb","itemListElement":[{"@type":"ListItem","position":1,"name":"Portada","item":"https:\/\/cafesantillascampos.com\/"},{"@type":"ListItem","position":2,"name":"Pol\u00edtica de Privacidad"}]},{"@type":"WebSite","@id":"https:\/\/cafesantillascampos.com\/#website","url":"https:\/\/cafesantillascampos.com\/","name":"Caf\u00e9s Las Antillas Campos","description":"Tostadero de Caf\u00e9 Las Antillas - Campos. Desde 1922.","publisher":{"@id":"https:\/\/cafesantillascampos.com\/#organization"},"potentialAction":[{"@type":"SearchAction","target":{"@type":"EntryPoint","urlTemplate":"https:\/\/cafesantillascampos.com\/?s={search_term_string}"},"query-input":{"@type":"PropertyValueSpecification","valueRequired":true,"valueName":"search_term_string"}}],"inLanguage":"de"},{"@type":"Organization","@id":"https:\/\/cafesantillascampos.com\/#organization","name":"Caf\u00e9s Las Antillas - Campos","url":"https:\/\/cafesantillascampos.com\/","logo":{"@type":"ImageObject","inLanguage":"de","@id":"https:\/\/cafesantillascampos.com\/#\/schema\/logo\/image\/","url":"https:\/\/cafesantillascampos.com\/wp-content\/uploads\/2021\/02\/Logotipo_Web_001.png","contentUrl":"https:\/\/cafesantillascampos.com\/wp-content\/uploads\/2021\/02\/Logotipo_Web_001.png","width":1920,"height":374,"caption":"Caf\u00e9s Las Antillas - Campos"},"image":{"@id":"https:\/\/cafesantillascampos.com\/#\/schema\/logo\/image\/"},"sameAs":["https:\/\/www.facebook.com\/cafesantillas\/","https:\/\/www.instagram.com\/cafes_las_antillas_campos\/"]}]}},"_links":{"self":[{"href":"https:\/\/cafesantillascampos.com\/de\/wp-json\/wp\/v2\/pages\/707","targetHints":{"allow":["GET"]}}],"collection":[{"href":"https:\/\/cafesantillascampos.com\/de\/wp-json\/wp\/v2\/pages"}],"about":[{"href":"https:\/\/cafesantillascampos.com\/de\/wp-json\/wp\/v2\/types\/page"}],"author":[{"embeddable":true,"href":"https:\/\/cafesantillascampos.com\/de\/wp-json\/wp\/v2\/users\/1"}],"replies":[{"embeddable":true,"href":"https:\/\/cafesantillascampos.com\/de\/wp-json\/wp\/v2\/comments?post=707"}],"version-history":[{"count":43,"href":"https:\/\/cafesantillascampos.com\/de\/wp-json\/wp\/v2\/pages\/707\/revisions"}],"predecessor-version":[{"id":5190,"href":"https:\/\/cafesantillascampos.com\/de\/wp-json\/wp\/v2\/pages\/707\/revisions\/5190"}],"wp:attachment":[{"href":"https:\/\/cafesantillascampos.com\/de\/wp-json\/wp\/v2\/media?parent=707"}],"curies":[{"name":"wp","href":"https:\/\/api.w.org\/{rel}","templated":true}]}}