{"id":701,"date":"2021-02-04T12:33:55","date_gmt":"2021-02-04T11:33:55","guid":{"rendered":"https:\/\/cafesantillascampos.com\/?page_id=701"},"modified":"2021-04-07T15:43:51","modified_gmt":"2021-04-07T13:43:51","slug":"politica-de-envios-y-cancelacion","status":"publish","type":"page","link":"https:\/\/cafesantillascampos.com\/de\/politica-de-envios-y-cancelacion\/","title":{"rendered":"Lieferung und Stornierung"},"content":{"rendered":"<div data-elementor-type=\"wp-page\" data-elementor-id=\"701\" class=\"elementor elementor-701\" data-elementor-post-type=\"page\">\n\t\t\t\t\t\t<section class=\"ob-is-breaking-bad elementor-section elementor-top-section elementor-element elementor-element-9551a97 elementor-section-height-min-height elementor-section-full_width elementor-section-stretched elementor-section-height-default elementor-section-items-middle\" data-id=\"9551a97\" data-element_type=\"section\" data-settings=\"{&quot;jet_parallax_layout_list&quot;:[{&quot;jet_parallax_layout_image&quot;:{&quot;url&quot;:&quot;&quot;,&quot;id&quot;:&quot;&quot;,&quot;size&quot;:&quot;&quot;},&quot;_id&quot;:&quot;891d89f&quot;,&quot;jet_parallax_layout_image_tablet&quot;:{&quot;url&quot;:&quot;&quot;,&quot;id&quot;:&quot;&quot;,&quot;size&quot;:&quot;&quot;},&quot;jet_parallax_layout_image_mobile&quot;:{&quot;url&quot;:&quot;&quot;,&quot;id&quot;:&quot;&quot;,&quot;size&quot;:&quot;&quot;},&quot;jet_parallax_layout_speed&quot;:{&quot;unit&quot;:&quot;%&quot;,&quot;size&quot;:50,&quot;sizes&quot;:[]},&quot;jet_parallax_layout_type&quot;:&quot;scroll&quot;,&quot;jet_parallax_layout_direction&quot;:&quot;1&quot;,&quot;jet_parallax_layout_fx_direction&quot;:null,&quot;jet_parallax_layout_z_index&quot;:&quot;&quot;,&quot;jet_parallax_layout_bg_x&quot;:50,&quot;jet_parallax_layout_bg_x_tablet&quot;:&quot;&quot;,&quot;jet_parallax_layout_bg_x_mobile&quot;:&quot;&quot;,&quot;jet_parallax_layout_bg_y&quot;:50,&quot;jet_parallax_layout_bg_y_tablet&quot;:&quot;&quot;,&quot;jet_parallax_layout_bg_y_mobile&quot;:&quot;&quot;,&quot;jet_parallax_layout_bg_size&quot;:&quot;auto&quot;,&quot;jet_parallax_layout_bg_size_tablet&quot;:&quot;&quot;,&quot;jet_parallax_layout_bg_size_mobile&quot;:&quot;&quot;,&quot;jet_parallax_layout_animation_prop&quot;:&quot;transform&quot;,&quot;jet_parallax_layout_on&quot;:[&quot;desktop&quot;,&quot;tablet&quot;]}],&quot;background_background&quot;:&quot;classic&quot;,&quot;stretch_section&quot;:&quot;section-stretched&quot;,&quot;_ob_bbad_use_it&quot;:&quot;yes&quot;,&quot;_ob_bbad_sssic_use&quot;:&quot;no&quot;,&quot;_ob_glider_is_slider&quot;:&quot;no&quot;}\">\n\t\t\t\t\t\t\t<div class=\"elementor-background-overlay\"><\/div>\n\t\t\t\t\t\t\t<div class=\"elementor-container elementor-column-gap-no\">\n\t\t\t\t\t<div class=\"elementor-column elementor-col-100 elementor-top-column elementor-element elementor-element-e27435f\" data-id=\"e27435f\" data-element_type=\"column\" data-settings=\"{&quot;_ob_bbad_is_stalker&quot;:&quot;no&quot;,&quot;_ob_teleporter_use&quot;:false,&quot;_ob_column_hoveranimator&quot;:&quot;no&quot;,&quot;_ob_column_has_pseudo&quot;:&quot;no&quot;}\">\n\t\t\t<div class=\"elementor-widget-wrap elementor-element-populated\">\n\t\t\t\t\t\t<div class=\"elementor-element elementor-element-45ae066 ob-harakiri-inherit ob-has-background-overlay elementor-widget elementor-widget-heading\" data-id=\"45ae066\" data-element_type=\"widget\" data-settings=\"{&quot;_ob_use_harakiri&quot;:&quot;yes&quot;,&quot;_ob_harakiri_writing_mode&quot;:&quot;inherit&quot;,&quot;_ob_harakiri_text_clip&quot;:&quot;none&quot;,&quot;_ob_perspektive_use&quot;:&quot;no&quot;,&quot;_ob_poopart_use&quot;:&quot;yes&quot;,&quot;_ob_shadough_use&quot;:&quot;no&quot;,&quot;_ob_allow_hoveranimator&quot;:&quot;no&quot;,&quot;_ob_widget_stalker_use&quot;:&quot;no&quot;}\" data-widget_type=\"heading.default\">\n\t\t\t\t<div class=\"elementor-widget-container\">\n\t\t\t\t\t<h2 class=\"elementor-heading-title elementor-size-default\">Lieferung und Stornierung<\/h2>\t\t\t\t<\/div>\n\t\t\t\t<\/div>\n\t\t\t\t\t<\/div>\n\t\t<\/div>\n\t\t\t\t\t<\/div>\n\t\t<\/section>\n\t\t\t\t<section class=\"ob-is-breaking-bad elementor-section elementor-top-section elementor-element elementor-element-b33727a elementor-section-boxed elementor-section-height-default elementor-section-height-default\" data-id=\"b33727a\" data-element_type=\"section\" data-settings=\"{&quot;jet_parallax_layout_list&quot;:[{&quot;jet_parallax_layout_image&quot;:{&quot;url&quot;:&quot;&quot;,&quot;id&quot;:&quot;&quot;,&quot;size&quot;:&quot;&quot;},&quot;_id&quot;:&quot;c9248e7&quot;,&quot;jet_parallax_layout_image_tablet&quot;:{&quot;url&quot;:&quot;&quot;,&quot;id&quot;:&quot;&quot;,&quot;size&quot;:&quot;&quot;},&quot;jet_parallax_layout_image_mobile&quot;:{&quot;url&quot;:&quot;&quot;,&quot;id&quot;:&quot;&quot;,&quot;size&quot;:&quot;&quot;},&quot;jet_parallax_layout_speed&quot;:{&quot;unit&quot;:&quot;%&quot;,&quot;size&quot;:50,&quot;sizes&quot;:[]},&quot;jet_parallax_layout_type&quot;:&quot;scroll&quot;,&quot;jet_parallax_layout_direction&quot;:&quot;1&quot;,&quot;jet_parallax_layout_fx_direction&quot;:null,&quot;jet_parallax_layout_z_index&quot;:&quot;&quot;,&quot;jet_parallax_layout_bg_x&quot;:50,&quot;jet_parallax_layout_bg_x_tablet&quot;:&quot;&quot;,&quot;jet_parallax_layout_bg_x_mobile&quot;:&quot;&quot;,&quot;jet_parallax_layout_bg_y&quot;:50,&quot;jet_parallax_layout_bg_y_tablet&quot;:&quot;&quot;,&quot;jet_parallax_layout_bg_y_mobile&quot;:&quot;&quot;,&quot;jet_parallax_layout_bg_size&quot;:&quot;auto&quot;,&quot;jet_parallax_layout_bg_size_tablet&quot;:&quot;&quot;,&quot;jet_parallax_layout_bg_size_mobile&quot;:&quot;&quot;,&quot;jet_parallax_layout_animation_prop&quot;:&quot;transform&quot;,&quot;jet_parallax_layout_on&quot;:[&quot;desktop&quot;,&quot;tablet&quot;]}],&quot;_ob_bbad_use_it&quot;:&quot;yes&quot;,&quot;_ob_bbad_sssic_use&quot;:&quot;no&quot;,&quot;_ob_glider_is_slider&quot;:&quot;no&quot;}\">\n\t\t\t\t\t\t<div class=\"elementor-container elementor-column-gap-default\">\n\t\t\t\t\t<div class=\"elementor-column elementor-col-100 elementor-top-column elementor-element elementor-element-de247d4\" data-id=\"de247d4\" data-element_type=\"column\" data-settings=\"{&quot;_ob_bbad_is_stalker&quot;:&quot;no&quot;,&quot;_ob_teleporter_use&quot;:false,&quot;_ob_column_hoveranimator&quot;:&quot;no&quot;,&quot;_ob_column_has_pseudo&quot;:&quot;no&quot;}\">\n\t\t\t<div class=\"elementor-widget-wrap elementor-element-populated\">\n\t\t\t\t\t\t<div class=\"elementor-element elementor-element-0e57f0c envios ob-harakiri-inherit ob-has-background-overlay elementor-widget elementor-widget-text-editor\" data-id=\"0e57f0c\" data-element_type=\"widget\" id=\"envios\" data-settings=\"{&quot;_ob_use_harakiri&quot;:&quot;yes&quot;,&quot;_ob_harakiri_writing_mode&quot;:&quot;inherit&quot;,&quot;_ob_postman_use&quot;:&quot;no&quot;,&quot;_ob_perspektive_use&quot;:&quot;no&quot;,&quot;_ob_poopart_use&quot;:&quot;yes&quot;,&quot;_ob_shadough_use&quot;:&quot;no&quot;,&quot;_ob_allow_hoveranimator&quot;:&quot;no&quot;,&quot;_ob_widget_stalker_use&quot;:&quot;no&quot;}\" data-widget_type=\"text-editor.default\">\n\t\t\t\t<div class=\"elementor-widget-container\">\n\t\t\t\t\t\t\t\t\t<h1>VERSAND<\/h1><h2>Wie lange wird es dauern, um meine Bestellung?<\/h2><p>Die Lieferzeit f\u00fcr Bestellungen liegt zwischen 24-72 Stunden zu arbeiten, von der Bestellung (nur f\u00fcr Bestellungen mit Versand auf Festland, ohne Balearen, Ceuta und Melilla). Alle Sendungen werden von der transport Unternehmen SEUR, SA<\/p><p>Wenn f\u00fcr einige Grund die Bestellung hatte, um verz\u00f6gert werden, werden wir Sie Kontaktieren, um. Sobald der Auftrag erteilt wird, sind Sie nicht berechtigt, \u00e4nderungen in der Lieferadresse, es sei denn, der AUFTRAGGEBER die Kosten zu decken, und es ist von den Parteien ausdr\u00fccklich vereinbart.<\/p><h2>Was kostet der Versand?<\/h2><p>Versand Kosten sind nicht enthalten in die Artikel Preis. Diese werden aufgeschl\u00fcsselt in der Zusammenfassung Ihres Einkaufs. - Kosten berechnet werden abh\u00e4ngig von der Ziel und deshalb werden:<\/p><p>Spanien (Halbinsel): 6 \u20ac \/kg<\/p><p>Kanarische Inseln: 14\u20ac \/ kg<\/p><p>Balearen: 12\u20ac \/ kg<\/p><h2>Kann ich anfordern, der Versand der Bestellung au\u00dferhalb von Spanien?<\/h2><p>F\u00fcr den moment ist es nicht verf\u00fcgbar diese option. Aber Sie k\u00f6nnen Kontakt mit uns per e-mail <a href=\"mailto:info@cafesantillascampos.com\">info@cafesantillascampos.com<\/a> und wir werden den besten Weg finden, um Ihre Bestellung.<\/p><h2>Was passiert, wenn ich nicht an der Adresse, die Sie bei dem messenger gehen, um liefern die Auftrag?<\/h2><p>Nach dem ersten Zustellversuch hinterl\u00e4sst der Zusteller eine Benachrichtigung f\u00fcr Sie, um Kontakt mit ihm und mark eine neue Lieferfrist mit. Diese Lieferung kann gemacht werden in die Versand Adresse, die Sie eingegeben haben, oder in einem der B\u00fcros des Transportunternehmens.<\/p><p>Nach einem weiteren misslungenen Versuch, Ihre Bestellung wird storniert und wir erstatten Ihnen den Betrag mit dem gleichen, indem die Kosten der R\u00fccksendung der Paket.<\/p><h2>Was kann ich tun, wenn meine Bestellung nicht ankommt?<\/h2><p>Wenn nach einer Frist von 5 Tagen ab der Best\u00e4tigung Ihres Auftrags ist nicht das, was Sie empfangen haben, Kontaktieren Sie uns bitte per e-mail <a href=\"mailto:info@cafesantillascampos.com\">info@cafesantillascampos.com<\/a><\/p><h2>Kann ich meine Bestellung auch abholen in einigen Ihrer Gesch\u00e4fte?<\/h2><p>Ja, Sie abholen k\u00f6nnen Ihre Bestellung ohne Kosten in eine unserer Filialen, befindet sich in der C\/ Ribeiri\u00f1o, 2, Ourense in der R\u00faa da Concordia, 16, Ourense. Die Sammlung Zeitplan ist von Montag bis Freitag von 9:30h bis 13:30h und 16:45 Uhr bis 20:00 Uhr. Bringen Sie die E-Mail-Best\u00e4tigung Ihrer Bestellung und Fragen Sie einen unserer Angeh\u00f6rigen.<\/p><p>Die Versandkosten (Versand und zur\u00fcck) wird nur zur\u00fcckgegeben, wenn Caf\u00e9s Las Antillas-Campos ist verantwortlich f\u00fcr die Ursache der R\u00fcckgabe des Produkts (Verschiffen die falsche Produkt, ein Produkt, das sich in einem schlechten Zustand, etc).<\/p>\t\t\t\t\t\t\t\t<\/div>\n\t\t\t\t<\/div>\n\t\t\t\t\t<\/div>\n\t\t<\/div>\n\t\t\t\t\t<\/div>\n\t\t<\/section>\n\t\t\t\t<\/div>","protected":false},"excerpt":{"rendered":"<p>Pol\u00edtica de Env\u00edos y Cancelaci\u00f3n ENV\u00cdOS \u00bfCu\u00e1nto tardar\u00e1 en llegar mi pedido? El plazo de entrega de los pedidos es de 24-72 horas laborables desde que se realiza el pedido (\u00fanicamente para env\u00edos peninsulares; quedan excluidos Baleares, Canarias, Ceuta y Melilla). Todos los env\u00edos ser\u00e1n realizados por la empresa de transportes SEUR, S.A. Si por [&hellip;]<\/p>","protected":false},"author":1,"featured_media":0,"parent":0,"menu_order":0,"comment_status":"closed","ping_status":"closed","template":"","meta":{"_jet_sm_ready_style":"","_jet_sm_style":"","_jet_sm_controls_values":"","_jet_sm_fonts_collection":"","_jet_sm_fonts_links":"","_joinchat":[],"footnotes":""},"class_list":["post-701","page","type-page","status-publish","hentry"],"yoast_head":"<!-- This site is optimized with the Yoast SEO plugin v26.0 - https:\/\/yoast.com\/wordpress\/plugins\/seo\/ -->\n<title>Pol\u00edtica de Env\u00edos y Cancelaci\u00f3n - Caf\u00e9s Las Antillas Campos<\/title>\n<meta name=\"description\" content=\"Empresa ubicada en Ourense dedicada al tueste, envasado y distribuci\u00f3n de caf\u00e9 para hosteler\u00eda y grandes superficies de alimentaci\u00f3n.\" \/>\n<meta name=\"robots\" content=\"index, follow, max-snippet:-1, max-image-preview:large, max-video-preview:-1\" \/>\n<link rel=\"canonical\" href=\"https:\/\/cafesantillascampos.com\/de\/politica-de-envios-y-cancelacion\/\" \/>\n<meta property=\"og:locale\" content=\"de_DE\" \/>\n<meta property=\"og:type\" content=\"article\" \/>\n<meta property=\"og:title\" content=\"Pol\u00edtica de Env\u00edos y Cancelaci\u00f3n - Caf\u00e9s Las Antillas Campos\" \/>\n<meta property=\"og:description\" content=\"Empresa ubicada en Ourense dedicada al tueste, envasado y distribuci\u00f3n de caf\u00e9 para hosteler\u00eda y grandes superficies de alimentaci\u00f3n.\" \/>\n<meta property=\"og:url\" content=\"https:\/\/cafesantillascampos.com\/de\/politica-de-envios-y-cancelacion\/\" \/>\n<meta property=\"og:site_name\" content=\"Caf\u00e9s Las Antillas Campos\" \/>\n<meta property=\"article:publisher\" content=\"https:\/\/www.facebook.com\/cafesantillas\/\" \/>\n<meta property=\"article:modified_time\" content=\"2021-04-07T13:43:51+00:00\" \/>\n<meta name=\"twitter:card\" content=\"summary_large_image\" \/>\n<meta name=\"twitter:label1\" content=\"Gesch\u00e4tzte Lesezeit\" \/>\n\t<meta name=\"twitter:data1\" content=\"2\u00a0Minuten\" \/>\n<script type=\"application\/ld+json\" class=\"yoast-schema-graph\">{\"@context\":\"https:\/\/schema.org\",\"@graph\":[{\"@type\":\"WebPage\",\"@id\":\"https:\/\/cafesantillascampos.com\/politica-de-envios-y-cancelacion\/\",\"url\":\"https:\/\/cafesantillascampos.com\/politica-de-envios-y-cancelacion\/\",\"name\":\"Pol\u00edtica de Env\u00edos y Cancelaci\u00f3n - Caf\u00e9s Las Antillas Campos\",\"isPartOf\":{\"@id\":\"https:\/\/cafesantillascampos.com\/#website\"},\"datePublished\":\"2021-02-04T11:33:55+00:00\",\"dateModified\":\"2021-04-07T13:43:51+00:00\",\"description\":\"Empresa ubicada en Ourense dedicada al tueste, envasado y distribuci\u00f3n de caf\u00e9 para hosteler\u00eda y grandes superficies de alimentaci\u00f3n.\",\"breadcrumb\":{\"@id\":\"https:\/\/cafesantillascampos.com\/politica-de-envios-y-cancelacion\/#breadcrumb\"},\"inLanguage\":\"de\",\"potentialAction\":[{\"@type\":\"ReadAction\",\"target\":[\"https:\/\/cafesantillascampos.com\/politica-de-envios-y-cancelacion\/\"]}]},{\"@type\":\"BreadcrumbList\",\"@id\":\"https:\/\/cafesantillascampos.com\/politica-de-envios-y-cancelacion\/#breadcrumb\",\"itemListElement\":[{\"@type\":\"ListItem\",\"position\":1,\"name\":\"Portada\",\"item\":\"https:\/\/cafesantillascampos.com\/\"},{\"@type\":\"ListItem\",\"position\":2,\"name\":\"Pol\u00edtica de Env\u00edos y Cancelaci\u00f3n\"}]},{\"@type\":\"WebSite\",\"@id\":\"https:\/\/cafesantillascampos.com\/#website\",\"url\":\"https:\/\/cafesantillascampos.com\/\",\"name\":\"Caf\u00e9s Las Antillas Campos\",\"description\":\"Tostadero de Caf\u00e9 Las Antillas - Campos. Desde 1922.\",\"publisher\":{\"@id\":\"https:\/\/cafesantillascampos.com\/#organization\"},\"potentialAction\":[{\"@type\":\"SearchAction\",\"target\":{\"@type\":\"EntryPoint\",\"urlTemplate\":\"https:\/\/cafesantillascampos.com\/?s={search_term_string}\"},\"query-input\":{\"@type\":\"PropertyValueSpecification\",\"valueRequired\":true,\"valueName\":\"search_term_string\"}}],\"inLanguage\":\"de\"},{\"@type\":\"Organization\",\"@id\":\"https:\/\/cafesantillascampos.com\/#organization\",\"name\":\"Caf\u00e9s Las Antillas - Campos\",\"url\":\"https:\/\/cafesantillascampos.com\/\",\"logo\":{\"@type\":\"ImageObject\",\"inLanguage\":\"de\",\"@id\":\"https:\/\/cafesantillascampos.com\/#\/schema\/logo\/image\/\",\"url\":\"https:\/\/cafesantillascampos.com\/wp-content\/uploads\/2021\/02\/Logotipo_Web_001.png\",\"contentUrl\":\"https:\/\/cafesantillascampos.com\/wp-content\/uploads\/2021\/02\/Logotipo_Web_001.png\",\"width\":1920,\"height\":374,\"caption\":\"Caf\u00e9s Las Antillas - Campos\"},\"image\":{\"@id\":\"https:\/\/cafesantillascampos.com\/#\/schema\/logo\/image\/\"},\"sameAs\":[\"https:\/\/www.facebook.com\/cafesantillas\/\",\"https:\/\/www.instagram.com\/cafes_las_antillas_campos\/\"]}]}<\/script>\n<!-- \/ Yoast SEO plugin. -->","yoast_head_json":{"title":"Pol\u00edtica de Env\u00edos y Cancelaci\u00f3n - Caf\u00e9s Las Antillas Campos","description":"Empresa ubicada en Ourense dedicada al tueste, envasado y distribuci\u00f3n de caf\u00e9 para hosteler\u00eda y grandes superficies de alimentaci\u00f3n.","robots":{"index":"index","follow":"follow","max-snippet":"max-snippet:-1","max-image-preview":"max-image-preview:large","max-video-preview":"max-video-preview:-1"},"canonical":"https:\/\/cafesantillascampos.com\/de\/politica-de-envios-y-cancelacion\/","og_locale":"de_DE","og_type":"article","og_title":"Pol\u00edtica de Env\u00edos y Cancelaci\u00f3n - Caf\u00e9s Las Antillas Campos","og_description":"Empresa ubicada en Ourense dedicada al tueste, envasado y distribuci\u00f3n de caf\u00e9 para hosteler\u00eda y grandes superficies de alimentaci\u00f3n.","og_url":"https:\/\/cafesantillascampos.com\/de\/politica-de-envios-y-cancelacion\/","og_site_name":"Caf\u00e9s Las Antillas Campos","article_publisher":"https:\/\/www.facebook.com\/cafesantillas\/","article_modified_time":"2021-04-07T13:43:51+00:00","twitter_card":"summary_large_image","twitter_misc":{"Gesch\u00e4tzte Lesezeit":"2\u00a0Minuten"},"schema":{"@context":"https:\/\/schema.org","@graph":[{"@type":"WebPage","@id":"https:\/\/cafesantillascampos.com\/politica-de-envios-y-cancelacion\/","url":"https:\/\/cafesantillascampos.com\/politica-de-envios-y-cancelacion\/","name":"Pol\u00edtica de Env\u00edos y Cancelaci\u00f3n - Caf\u00e9s Las Antillas Campos","isPartOf":{"@id":"https:\/\/cafesantillascampos.com\/#website"},"datePublished":"2021-02-04T11:33:55+00:00","dateModified":"2021-04-07T13:43:51+00:00","description":"Empresa ubicada en Ourense dedicada al tueste, envasado y distribuci\u00f3n de caf\u00e9 para hosteler\u00eda y grandes superficies de alimentaci\u00f3n.","breadcrumb":{"@id":"https:\/\/cafesantillascampos.com\/politica-de-envios-y-cancelacion\/#breadcrumb"},"inLanguage":"de","potentialAction":[{"@type":"ReadAction","target":["https:\/\/cafesantillascampos.com\/politica-de-envios-y-cancelacion\/"]}]},{"@type":"BreadcrumbList","@id":"https:\/\/cafesantillascampos.com\/politica-de-envios-y-cancelacion\/#breadcrumb","itemListElement":[{"@type":"ListItem","position":1,"name":"Portada","item":"https:\/\/cafesantillascampos.com\/"},{"@type":"ListItem","position":2,"name":"Pol\u00edtica de Env\u00edos y Cancelaci\u00f3n"}]},{"@type":"WebSite","@id":"https:\/\/cafesantillascampos.com\/#website","url":"https:\/\/cafesantillascampos.com\/","name":"Caf\u00e9s Las Antillas Campos","description":"Tostadero de Caf\u00e9 Las Antillas - Campos. Desde 1922.","publisher":{"@id":"https:\/\/cafesantillascampos.com\/#organization"},"potentialAction":[{"@type":"SearchAction","target":{"@type":"EntryPoint","urlTemplate":"https:\/\/cafesantillascampos.com\/?s={search_term_string}"},"query-input":{"@type":"PropertyValueSpecification","valueRequired":true,"valueName":"search_term_string"}}],"inLanguage":"de"},{"@type":"Organization","@id":"https:\/\/cafesantillascampos.com\/#organization","name":"Caf\u00e9s Las Antillas - Campos","url":"https:\/\/cafesantillascampos.com\/","logo":{"@type":"ImageObject","inLanguage":"de","@id":"https:\/\/cafesantillascampos.com\/#\/schema\/logo\/image\/","url":"https:\/\/cafesantillascampos.com\/wp-content\/uploads\/2021\/02\/Logotipo_Web_001.png","contentUrl":"https:\/\/cafesantillascampos.com\/wp-content\/uploads\/2021\/02\/Logotipo_Web_001.png","width":1920,"height":374,"caption":"Caf\u00e9s Las Antillas - Campos"},"image":{"@id":"https:\/\/cafesantillascampos.com\/#\/schema\/logo\/image\/"},"sameAs":["https:\/\/www.facebook.com\/cafesantillas\/","https:\/\/www.instagram.com\/cafes_las_antillas_campos\/"]}]}},"_links":{"self":[{"href":"https:\/\/cafesantillascampos.com\/de\/wp-json\/wp\/v2\/pages\/701","targetHints":{"allow":["GET"]}}],"collection":[{"href":"https:\/\/cafesantillascampos.com\/de\/wp-json\/wp\/v2\/pages"}],"about":[{"href":"https:\/\/cafesantillascampos.com\/de\/wp-json\/wp\/v2\/types\/page"}],"author":[{"embeddable":true,"href":"https:\/\/cafesantillascampos.com\/de\/wp-json\/wp\/v2\/users\/1"}],"replies":[{"embeddable":true,"href":"https:\/\/cafesantillascampos.com\/de\/wp-json\/wp\/v2\/comments?post=701"}],"version-history":[{"count":22,"href":"https:\/\/cafesantillascampos.com\/de\/wp-json\/wp\/v2\/pages\/701\/revisions"}],"predecessor-version":[{"id":4581,"href":"https:\/\/cafesantillascampos.com\/de\/wp-json\/wp\/v2\/pages\/701\/revisions\/4581"}],"wp:attachment":[{"href":"https:\/\/cafesantillascampos.com\/de\/wp-json\/wp\/v2\/media?parent=701"}],"curies":[{"name":"wp","href":"https:\/\/api.w.org\/{rel}","templated":true}]}}